{"id":1706,"date":"2020-02-22T18:20:01","date_gmt":"2020-02-22T23:20:01","guid":{"rendered":"http:\/\/cms.genusplc.com\/absglobal\/?page_id=1706"},"modified":"2020-04-05T21:52:54","modified_gmt":"2020-04-06T02:52:54","slug":"periodo-de-transicao","status":"publish","type":"page","link":"https:\/\/www.absglobal.com\/br\/periodo-de-transicao\/","title":{"rendered":"Per\u00edodo de transi\u00e7\u00e3o"},"content":{"rendered":"\n<p>O per\u00edodo de transi\u00e7\u00e3o &#8211; as \u00faltimas semanas de gesta\u00e7\u00e3o de uma vaca at\u00e9 v\u00e1rias semanas ap\u00f3s a lacta\u00e7\u00e3o &#8211; desempenha um papel fundamental quando se trata de produ\u00e7\u00e3o e reprodu\u00e7\u00e3o em seu rebanho.<\/p>\n\n\n\n<p>Ser eficiente durante o per\u00edodo de transi\u00e7\u00e3o vai aumentar as chances de sucesso na lacta\u00e7\u00e3o de uma vaca, vida produtiva e intervalo de parto. Da mesma forma, as \u00faltimas tr\u00eas semanas de gesta\u00e7\u00e3o s\u00e3o muito importantes para a sa\u00fade da cria e \u00e9 fundamental para a bezerra alcan\u00e7ar seu potencial gen\u00e9tico. <\/p>\n\n\n\n<p>Sem d\u00favidas, preven\u00e7\u00e3o \u00e9 a solu\u00e7\u00e3o mais eficiente e menos cara para enfrentar o per\u00edodo de transi\u00e7\u00e3o. As tr\u00eas maiores \u00e1reas a serem exploradas s\u00e3o protocolos, trabalho e gen\u00e9tica.<\/p>\n\n\n\n<p>Os protocolos s\u00e3o cruciais para fornecer o conforto e a nutri\u00e7\u00e3o corretos para as vacas. Em seguida, ter uma equipe informada e bem treinada garante que os protocolos possam ser executados. Finalmente, com a gen\u00e9tica, voc\u00ea pode melhorar a sa\u00fade de transi\u00e7\u00e3o do seu rebanho, tornando as vacas mais resistentes geneticamente a dist\u00farbios, incluindo mastite, metrite e cetose.<\/p>\n\n\n\n<div style=\"height:50px\" aria-hidden=\"true\" class=\"wp-block-spacer\"><\/div>\n\n\n\n<h2 class=\"is-style-underline wp-block-heading\">Solu\u00e7\u00f5es ABS para o per\u00edodo de transi\u00e7\u00e3o<\/h2>\n\n\n\t\t<section id=\"\" class=\"alignwide section-wrapper section-wrapper-small-fluid block-product-slider\" data-magellan-target=\"\">\n\t\t\t<div class=\"carousel-card-section owl-carousel owl-theme\">\n\t\t\t\t\t\t\t\t\t\t<div class=\"card\">\n\t\t\t\t\t\t\t\t\t\t\t\t\t\t\t<img decoding=\"async\" class=\"card-img\" src=\"https:\/\/www.absglobal.com\/br\/wp-content\/uploads\/sites\/16\/2020\/02\/product-genetic-audit-1.jpg?w=1000&#038;resize=375,250\" alt=\"Image of medical devices\">\n\t\t\t\t\t\t\t\t\t\t\t\t\t\t<div class=\"card-section\">\n\t\t\t\t\t\t\t\t<h3 class=\"card-title\">Auditoria Gen\u00e9tica<\/h3>\n\t\t\t\t\t\t\t\t\t\t\t\t\t\t\t\t\t\t\t\t\t\t\t\t\t<p class=\"card-description\">A mais nova ferramenta no portf\u00f3lio de servi\u00e7os gen\u00e9ticos &#8211; a Auditoria Gen\u00e9tica ABS &#8211; complementa perfeitamente o GMS 2.0 para obter o maior retorno do seu investimento gen\u00e9tico. Semelhante a uma an\u00e1lise completa, esta auditoria anual fornece uma vis\u00e3o geral da gen\u00e9tica de seu rebanho. Com essa linha de base, voc\u00ea pode fazer compara\u00e7\u00f5es [&hellip;]<\/p>\n\t\t\t\t\t\t\t\t\n\t\t\t\t\t\t\t\t<a href=\"https:\/\/www.absglobal.com\/br\/solucoes\/genetic-audit\/\" class=\"card-section-button button\">Saber Mais<\/a>\n\t\t\t\t\t\t\t<\/div>\n\t\t\t\t\t\t<\/div>\n\t\t\t\t\t\t\t\t\t<\/div>\n\t\t<\/section>\n\t\t\n\n\n\t<section id=\"repFinder\" class=\"alignfull rep-finder\" data-magellan-target=\"repFinder\">\n\t\t<div class=\"section-wrapper\">\n\t\t\t\t\t\t\t<h2 class=\"section-title\">Encontre seu Representante ABS<\/h2>\n\t\t\t\n\t\t\t<div class=\"grid-x grid-margin-x align-justify rep-finder-inner\">\n\t\t\t\t<div class=\"cell medium-large-6\">\n\t\t\t\t\t<button class=\"button rep-finder-cta\" id=\"selectRep\" data-open=\"repFinderModal\">Encontre Seu Representante<\/button>\n\t\t\t\t\t<div class=\"rep-finder-selected-rep\" id=\"selectedRep\"><\/div>\n\t\t\t\t<\/div>\n\n\t\t\t\t\t\t\t\t\t<div class=\"cell medium-large-6\">\n\t\t\t\t\t\t<h4>D\u00favidas gerais<\/h4>\n\t\t\t\t\t\t<hr class=\"rep-finder-divider\">\n\t\t\t\t\t\t\t\t\t\t\t\t\t<ul class=\"rep-finder-details\">\n\t\t\t\t\t\t\t\t\t\t\t\t\t\t\t\t\t<li><a href=\"tel:(34) 3319-5400\"><h5><img decoding=\"async\" src=\"https:\/\/www.absglobal.com\/br\/wp-content\/themes\/abs\/dist\/assets\/img\/icons\/phone-icon.svg\" alt=\"Phone icon\"> (34) 3319-5400<\/h5><\/a><\/li>\n\t\t\t\t\t\t\t\t\t\t\t\t\t\t\t\t<\/ul>\n\t\t\t\t\t\t\t\t\t\t\t<\/div>\n\t\t\t\t\t\t\t<\/div>\n\t\t<\/div>\n\t<\/section>\n\t","protected":false},"excerpt":{"rendered":"<p>O per\u00edodo de transi\u00e7\u00e3o &#8211; as \u00faltimas semanas de gesta\u00e7\u00e3o de uma vaca at\u00e9 v\u00e1rias semanas ap\u00f3s a lacta\u00e7\u00e3o &#8211; desempenha um papel fundamental quando se trata de produ\u00e7\u00e3o e reprodu\u00e7\u00e3o em seu rebanho. Ser eficiente durante o per\u00edodo de transi\u00e7\u00e3o vai aumentar as chances de sucesso na lacta\u00e7\u00e3o de uma vaca, vida produtiva e [&hellip;]<\/p>\n","protected":false},"author":289,"featured_media":0,"parent":0,"menu_order":0,"comment_status":"closed","ping_status":"closed","template":"","meta":{"_acf_changed":false,"content-type":"","footnotes":""},"class_list":["post-1706","page","type-page","status-publish","hentry"],"acf":[],"yoast_head":"<!-- This site is optimized with the Yoast SEO Premium plugin v25.6 (Yoast SEO v25.6) - https:\/\/yoast.com\/wordpress\/plugins\/seo\/ -->\n<title>Per\u00edodo de transi\u00e7\u00e3o - ABS Global Brasil<\/title>\n<meta name=\"robots\" content=\"index, follow, max-snippet:-1, max-image-preview:large, max-video-preview:-1\" \/>\n<link rel=\"canonical\" href=\"https:\/\/www.absglobal.com\/br\/periodo-de-transicao\/\" \/>\n<meta property=\"og:locale\" content=\"pt_BR\" \/>\n<meta property=\"og:type\" content=\"article\" \/>\n<meta property=\"og:title\" content=\"Per\u00edodo de transi\u00e7\u00e3o\" \/>\n<meta property=\"og:description\" content=\"O per\u00edodo de transi\u00e7\u00e3o &#8211; as \u00faltimas semanas de gesta\u00e7\u00e3o de uma vaca at\u00e9 v\u00e1rias semanas ap\u00f3s a lacta\u00e7\u00e3o &#8211; desempenha um papel fundamental quando se trata de produ\u00e7\u00e3o e reprodu\u00e7\u00e3o em seu rebanho. Ser eficiente durante o per\u00edodo de transi\u00e7\u00e3o vai aumentar as chances de sucesso na lacta\u00e7\u00e3o de uma vaca, vida produtiva e [&hellip;]\" \/>\n<meta property=\"og:url\" content=\"https:\/\/www.absglobal.com\/br\/periodo-de-transicao\/\" \/>\n<meta property=\"og:site_name\" content=\"ABS Global Brasil\" \/>\n<meta property=\"article:modified_time\" content=\"2020-04-06T02:52:54+00:00\" \/>\n<meta name=\"twitter:card\" content=\"summary_large_image\" \/>\n<meta name=\"twitter:label1\" content=\"Est. reading time\" \/>\n\t<meta name=\"twitter:data1\" content=\"1 minuto\" \/>\n<script type=\"application\/ld+json\" class=\"yoast-schema-graph\">{\"@context\":\"https:\/\/schema.org\",\"@graph\":[{\"@type\":\"WebPage\",\"@id\":\"https:\/\/www.absglobal.com\/br\/periodo-de-transicao\/\",\"url\":\"https:\/\/www.absglobal.com\/br\/periodo-de-transicao\/\",\"name\":\"Per\u00edodo de transi\u00e7\u00e3o - ABS Global Brasil\",\"isPartOf\":{\"@id\":\"https:\/\/www.absglobal.com\/br\/#website\"},\"datePublished\":\"2020-02-22T23:20:01+00:00\",\"dateModified\":\"2020-04-06T02:52:54+00:00\",\"breadcrumb\":{\"@id\":\"https:\/\/www.absglobal.com\/br\/periodo-de-transicao\/#breadcrumb\"},\"inLanguage\":\"pt-BR\",\"potentialAction\":[{\"@type\":\"ReadAction\",\"target\":[\"https:\/\/www.absglobal.com\/br\/periodo-de-transicao\/\"]}]},{\"@type\":\"BreadcrumbList\",\"@id\":\"https:\/\/www.absglobal.com\/br\/periodo-de-transicao\/#breadcrumb\",\"itemListElement\":[{\"@type\":\"ListItem\",\"position\":1,\"name\":\"Home\",\"item\":\"https:\/\/www.absglobal.com\/br\/\"},{\"@type\":\"ListItem\",\"position\":2,\"name\":\"Per\u00edodo de transi\u00e7\u00e3o\"}]},{\"@type\":\"WebSite\",\"@id\":\"https:\/\/www.absglobal.com\/br\/#website\",\"url\":\"https:\/\/www.absglobal.com\/br\/\",\"name\":\"ABS Global Brasil\",\"description\":\"\",\"publisher\":{\"@id\":\"https:\/\/www.absglobal.com\/br\/#organization\"},\"potentialAction\":[{\"@type\":\"SearchAction\",\"target\":{\"@type\":\"EntryPoint\",\"urlTemplate\":\"https:\/\/www.absglobal.com\/br\/?s={search_term_string}\"},\"query-input\":{\"@type\":\"PropertyValueSpecification\",\"valueRequired\":true,\"valueName\":\"search_term_string\"}}],\"inLanguage\":\"pt-BR\"},{\"@type\":\"Organization\",\"@id\":\"https:\/\/www.absglobal.com\/br\/#organization\",\"name\":\"ABS Global Brasil\",\"url\":\"https:\/\/www.absglobal.com\/br\/\",\"logo\":{\"@type\":\"ImageObject\",\"inLanguage\":\"pt-BR\",\"@id\":\"https:\/\/www.absglobal.com\/br\/#\/schema\/logo\/image\/\",\"url\":\"https:\/\/www.absglobal.com\/br\/wp-content\/uploads\/sites\/16\/2020\/03\/LogoRGB.png\",\"contentUrl\":\"https:\/\/www.absglobal.com\/br\/wp-content\/uploads\/sites\/16\/2020\/03\/LogoRGB.png\",\"width\":872,\"height\":1080,\"caption\":\"ABS Global Brasil \"},\"image\":{\"@id\":\"https:\/\/www.absglobal.com\/br\/#\/schema\/logo\/image\/\"}}]}<\/script>\n<!-- \/ Yoast SEO Premium plugin. -->","yoast_head_json":{"title":"Per\u00edodo de transi\u00e7\u00e3o - ABS Global Brasil","robots":{"index":"index","follow":"follow","max-snippet":"max-snippet:-1","max-image-preview":"max-image-preview:large","max-video-preview":"max-video-preview:-1"},"canonical":"https:\/\/www.absglobal.com\/br\/periodo-de-transicao\/","og_locale":"pt_BR","og_type":"article","og_title":"Per\u00edodo de transi\u00e7\u00e3o","og_description":"O per\u00edodo de transi\u00e7\u00e3o &#8211; as \u00faltimas semanas de gesta\u00e7\u00e3o de uma vaca at\u00e9 v\u00e1rias semanas ap\u00f3s a lacta\u00e7\u00e3o &#8211; desempenha um papel fundamental quando se trata de produ\u00e7\u00e3o e reprodu\u00e7\u00e3o em seu rebanho. Ser eficiente durante o per\u00edodo de transi\u00e7\u00e3o vai aumentar as chances de sucesso na lacta\u00e7\u00e3o de uma vaca, vida produtiva e [&hellip;]","og_url":"https:\/\/www.absglobal.com\/br\/periodo-de-transicao\/","og_site_name":"ABS Global Brasil","article_modified_time":"2020-04-06T02:52:54+00:00","twitter_card":"summary_large_image","twitter_misc":{"Est. reading time":"1 minuto"},"schema":{"@context":"https:\/\/schema.org","@graph":[{"@type":"WebPage","@id":"https:\/\/www.absglobal.com\/br\/periodo-de-transicao\/","url":"https:\/\/www.absglobal.com\/br\/periodo-de-transicao\/","name":"Per\u00edodo de transi\u00e7\u00e3o - ABS Global Brasil","isPartOf":{"@id":"https:\/\/www.absglobal.com\/br\/#website"},"datePublished":"2020-02-22T23:20:01+00:00","dateModified":"2020-04-06T02:52:54+00:00","breadcrumb":{"@id":"https:\/\/www.absglobal.com\/br\/periodo-de-transicao\/#breadcrumb"},"inLanguage":"pt-BR","potentialAction":[{"@type":"ReadAction","target":["https:\/\/www.absglobal.com\/br\/periodo-de-transicao\/"]}]},{"@type":"BreadcrumbList","@id":"https:\/\/www.absglobal.com\/br\/periodo-de-transicao\/#breadcrumb","itemListElement":[{"@type":"ListItem","position":1,"name":"Home","item":"https:\/\/www.absglobal.com\/br\/"},{"@type":"ListItem","position":2,"name":"Per\u00edodo de transi\u00e7\u00e3o"}]},{"@type":"WebSite","@id":"https:\/\/www.absglobal.com\/br\/#website","url":"https:\/\/www.absglobal.com\/br\/","name":"ABS Global Brasil","description":"","publisher":{"@id":"https:\/\/www.absglobal.com\/br\/#organization"},"potentialAction":[{"@type":"SearchAction","target":{"@type":"EntryPoint","urlTemplate":"https:\/\/www.absglobal.com\/br\/?s={search_term_string}"},"query-input":{"@type":"PropertyValueSpecification","valueRequired":true,"valueName":"search_term_string"}}],"inLanguage":"pt-BR"},{"@type":"Organization","@id":"https:\/\/www.absglobal.com\/br\/#organization","name":"ABS Global Brasil","url":"https:\/\/www.absglobal.com\/br\/","logo":{"@type":"ImageObject","inLanguage":"pt-BR","@id":"https:\/\/www.absglobal.com\/br\/#\/schema\/logo\/image\/","url":"https:\/\/www.absglobal.com\/br\/wp-content\/uploads\/sites\/16\/2020\/03\/LogoRGB.png","contentUrl":"https:\/\/www.absglobal.com\/br\/wp-content\/uploads\/sites\/16\/2020\/03\/LogoRGB.png","width":872,"height":1080,"caption":"ABS Global Brasil "},"image":{"@id":"https:\/\/www.absglobal.com\/br\/#\/schema\/logo\/image\/"}}]}},"_links":{"self":[{"href":"https:\/\/www.absglobal.com\/br\/wp-json\/wp\/v2\/pages\/1706"}],"collection":[{"href":"https:\/\/www.absglobal.com\/br\/wp-json\/wp\/v2\/pages"}],"about":[{"href":"https:\/\/www.absglobal.com\/br\/wp-json\/wp\/v2\/types\/page"}],"author":[{"embeddable":true,"href":"https:\/\/www.absglobal.com\/br\/wp-json\/wp\/v2\/users\/289"}],"replies":[{"embeddable":true,"href":"https:\/\/www.absglobal.com\/br\/wp-json\/wp\/v2\/comments?post=1706"}],"version-history":[{"count":22,"href":"https:\/\/www.absglobal.com\/br\/wp-json\/wp\/v2\/pages\/1706\/revisions"}],"predecessor-version":[{"id":3048,"href":"https:\/\/www.absglobal.com\/br\/wp-json\/wp\/v2\/pages\/1706\/revisions\/3048"}],"wp:attachment":[{"href":"https:\/\/www.absglobal.com\/br\/wp-json\/wp\/v2\/media?parent=1706"}],"curies":[{"name":"wp","href":"https:\/\/api.w.org\/{rel}","templated":true}]}}